{"id":2179,"date":"2024-12-18T19:47:39","date_gmt":"2024-12-18T19:47:39","guid":{"rendered":"https:\/\/portafoliobio.minciencias.gov.co\/?post_type=project&#038;p=2179"},"modified":"2024-12-20T17:33:12","modified_gmt":"2024-12-20T17:33:12","slug":"vascuna-aftogan","status":"publish","type":"project","link":"https:\/\/portafoliobio.minciencias.gov.co\/?project=vascuna-aftogan","title":{"rendered":"Vacuna Aftog\u00e1n"},"content":{"rendered":"<p>[et_pb_section fb_built=&#8221;1&#8243; _builder_version=&#8221;4.27.2&#8243; _module_preset=&#8221;default&#8221; background_color=&#8221;#FFFFFF&#8221; background_image=&#8221;https:\/\/portafoliobio.minciencias.gov.co\/wp-content\/uploads\/2024\/12\/banner-agro-bio-2.png&#8221; max_width=&#8221;100%&#8221; min_height=&#8221;169px&#8221; height=&#8221;165px&#8221; custom_padding=&#8221;5px||200px||false|false&#8221; link_option_url=&#8221;https:\/\/portafoliobio.minciencias.gov.co\/&#8221; box_shadow_style=&#8221;preset2&#8243; box_shadow_blur=&#8221;9px&#8221; locked=&#8221;off&#8221; global_colors_info=&#8221;{}&#8221; theme_builder_area=&#8221;post_content&#8221;][et_pb_row column_structure=&#8221;1_3,1_3,1_3&#8243; _builder_version=&#8221;4.27.2&#8243; _module_preset=&#8221;default&#8221; global_colors_info=&#8221;{}&#8221; theme_builder_area=&#8221;post_content&#8221;][et_pb_column type=&#8221;1_3&#8243; _builder_version=&#8221;4.27.2&#8243; _module_preset=&#8221;default&#8221; global_colors_info=&#8221;{}&#8221; theme_builder_area=&#8221;post_content&#8221;][\/et_pb_column][et_pb_column type=&#8221;1_3&#8243; _builder_version=&#8221;4.27.2&#8243; _module_preset=&#8221;default&#8221; global_colors_info=&#8221;{}&#8221; theme_builder_area=&#8221;post_content&#8221;][et_pb_image src=&#8221;https:\/\/portafoliobio.minciencias.gov.co\/wp-content\/uploads\/2024\/11\/LOGO-portafolio-Bio-APROBADO.png&#8221; title_text=&#8221;LOGO portafolio Bio-APROBADO&#8221; _builder_version=&#8221;4.27.2&#8243; _module_preset=&#8221;default&#8221; width=&#8221;57%&#8221; module_alignment=&#8221;center&#8221; min_height=&#8221;125.7px&#8221; custom_margin=&#8221;||||false|false&#8221; custom_padding=&#8221;||||false|false&#8221; box_shadow_style=&#8221;preset1&#8243; global_colors_info=&#8221;{}&#8221; theme_builder_area=&#8221;post_content&#8221;][\/et_pb_image][\/et_pb_column][et_pb_column type=&#8221;1_3&#8243; _builder_version=&#8221;4.27.2&#8243; _module_preset=&#8221;default&#8221; global_colors_info=&#8221;{}&#8221; theme_builder_area=&#8221;post_content&#8221;][\/et_pb_column][\/et_pb_row][\/et_pb_section][et_pb_section fb_built=&#8221;1&#8243; _builder_version=&#8221;4.16&#8243; _module_preset=&#8221;default&#8221; custom_padding=&#8221;5px|||||&#8221; global_colors_info=&#8221;{}&#8221;][et_pb_row column_structure=&#8221;3_5,2_5&#8243; _builder_version=&#8221;4.16&#8243; _module_preset=&#8221;default&#8221; custom_padding=&#8221;0px|||||&#8221; global_colors_info=&#8221;{}&#8221;][et_pb_column type=&#8221;3_5&#8243; _builder_version=&#8221;4.16&#8243; _module_preset=&#8221;default&#8221; global_colors_info=&#8221;{}&#8221;][et_pb_divider show_divider=&#8221;off&#8221; _builder_version=&#8221;4.16&#8243; _module_preset=&#8221;default&#8221; global_colors_info=&#8221;{}&#8221;][\/et_pb_divider][et_pb_divider show_divider=&#8221;off&#8221; _builder_version=&#8221;4.16&#8243; _module_preset=&#8221;default&#8221; global_colors_info=&#8221;{}&#8221;][\/et_pb_divider][et_pb_divider show_divider=&#8221;off&#8221; _builder_version=&#8221;4.16&#8243; _module_preset=&#8221;default&#8221; global_colors_info=&#8221;{}&#8221;][\/et_pb_divider][et_pb_text _builder_version=&#8221;4.27.2&#8243; _module_preset=&#8221;default&#8221; text_font=&#8221;Cabin||||||||&#8221; text_text_color=&#8221;rgba(85,101,112,0.8)&#8221; text_font_size=&#8221;16px&#8221; text_line_height=&#8221;1.8em&#8221; header_font=&#8221;Playfair Display|700|||||||&#8221; header_text_color=&#8221;#002d4c&#8221; header_font_size=&#8221;48px&#8221; header_line_height=&#8221;1.1em&#8221; header_3_font=&#8221;Cabin|700||on|||||&#8221; header_3_text_color=&#8221;#bd8f52&#8243; header_3_font_size=&#8221;13px&#8221; header_3_letter_spacing=&#8221;3px&#8221; header_3_line_height=&#8221;1.4em&#8221; max_width=&#8221;36vw&#8221; max_width_tablet=&#8221;90%&#8221; max_width_phone=&#8221;100%&#8221; max_width_last_edited=&#8221;on|tablet&#8221; custom_margin=&#8221;||||false|false&#8221; text_font_size_tablet=&#8221;15px&#8221; text_font_size_phone=&#8221;14px&#8221; text_font_size_last_edited=&#8221;on|phone&#8221; header_font_size_tablet=&#8221;52px&#8221; header_font_size_phone=&#8221;38px&#8221; header_font_size_last_edited=&#8221;on|tablet&#8221; locked=&#8221;off&#8221; global_colors_info=&#8221;{}&#8221;]<\/p>\n<h3>EMPRESA<\/h3>\n<h1><span>Vecol\u00a0<\/span>\/\/<\/h1>\n<p>[\/et_pb_text][\/et_pb_column][et_pb_column type=&#8221;2_5&#8243; _builder_version=&#8221;4.16&#8243; _module_preset=&#8221;default&#8221; global_colors_info=&#8221;{}&#8221;][\/et_pb_column][\/et_pb_row][\/et_pb_section][et_pb_section fb_built=&#8221;1&#8243; admin_label=&#8221;Gallery&#8221; _builder_version=&#8221;4.16&#8243; _module_preset=&#8221;default&#8221; custom_padding=&#8221;0px|||||&#8221; collapsed=&#8221;off&#8221; global_colors_info=&#8221;{}&#8221;][et_pb_row column_structure=&#8221;1_2,1_2&#8243; _builder_version=&#8221;4.16&#8243; _module_preset=&#8221;default&#8221; custom_padding=&#8221;0px|||||&#8221; global_colors_info=&#8221;{}&#8221;][et_pb_column type=&#8221;1_2&#8243; _builder_version=&#8221;4.16&#8243; _module_preset=&#8221;default&#8221; custom_padding=&#8221;||||false|false&#8221; box_shadow_style=&#8221;preset4&#8243; box_shadow_horizontal=&#8221;120px&#8221; box_shadow_vertical=&#8221;80px&#8221; box_shadow_color=&#8221;rgba(85,101,112,0.08)&#8221; global_colors_info=&#8221;{}&#8221;][et_pb_image src=&#8221;https:\/\/portafoliobio.minciencias.gov.co\/wp-content\/uploads\/2024\/06\/AFTOGAN-DE-VECOL.jpg&#8221; _builder_version=&#8221;4.16&#8243; _module_preset=&#8221;default&#8221; custom_margin=&#8221;||||false|false&#8221; box_shadow_style=&#8221;preset3&#8243; box_shadow_vertical=&#8221;80px&#8221; box_shadow_blur=&#8221;80px&#8221; box_shadow_spread=&#8221;-32px&#8221; box_shadow_color=&#8221;rgba(0,45,76,0.32)&#8221; global_colors_info=&#8221;{}&#8221;][\/et_pb_image][\/et_pb_column][et_pb_column type=&#8221;1_2&#8243; _builder_version=&#8221;4.16&#8243; _module_preset=&#8221;default&#8221; custom_padding=&#8221;60px||||false|false&#8221; custom_padding_tablet=&#8221;0px||||false|false&#8221; custom_padding_phone=&#8221;&#8221; custom_padding_last_edited=&#8221;on|tablet&#8221; global_colors_info=&#8221;{}&#8221;][et_pb_text _builder_version=&#8221;4.27.2&#8243; _module_preset=&#8221;default&#8221; text_font=&#8221;Cabin||||||||&#8221; text_text_color=&#8221;rgba(85,101,112,0.8)&#8221; text_font_size=&#8221;16px&#8221; text_line_height=&#8221;1.8em&#8221; header_2_font=&#8221;Playfair Display|700|||||||&#8221; header_2_text_color=&#8221;#002d4c&#8221; header_2_font_size=&#8221;41px&#8221; header_2_line_height=&#8221;1.1em&#8221; header_3_font=&#8221;Cabin|700||on|||||&#8221; header_3_text_color=&#8221;#bd8f52&#8243; header_3_font_size=&#8221;13px&#8221; header_3_letter_spacing=&#8221;3px&#8221; header_3_line_height=&#8221;1.4em&#8221; max_width=&#8221;36vw&#8221; max_width_tablet=&#8221;90%&#8221; max_width_phone=&#8221;100%&#8221; max_width_last_edited=&#8221;on|tablet&#8221; custom_margin=&#8221;||2vw||false|false&#8221; text_font_size_tablet=&#8221;15px&#8221; text_font_size_phone=&#8221;14px&#8221; text_font_size_last_edited=&#8221;on|phone&#8221; header_2_font_size_tablet=&#8221;44px&#8221; header_2_font_size_phone=&#8221;32px&#8221; header_2_font_size_last_edited=&#8221;on|tablet&#8221; locked=&#8221;off&#8221; global_colors_info=&#8221;{}&#8221;]<\/p>\n<h3>bioproducto<\/h3>\n<h2><span>Vacuna AFTOGAN<\/span><\/h2>\n<h4><span>(Fiebre Aftosa)<\/span><\/h4>\n<p><span>Vacuna para la prevenci\u00f3n de la fiebre Aftosa en bovinos. <\/span><\/p>\n<p><span>Es la primera vacuna desarrollada en Colombia para este fin.\u00a0<\/span><\/p>\n<p style=\"text-align: justify;\">La vacuna AFTOG\u00c1N <sup>\u00ae<\/sup> 2 mL es una emulsi\u00f3n de agua en aceite (w\/o) bivalente, ya que es elaborada a partir de los serotipos A y O, subtipos A<sub>24<\/sub> Cruzeiro y O<sub>1 <\/sub>Campos, del virus de la fiebre Aftosa cultivados en c\u00e9lulas BHK (Ri\u00f1\u00f3n de h\u00e1mster lactante) en suspensi\u00f3n y monoestrato, previamente concentrados, purificados y emulsionados en adyuvante oleoso.<\/p>\n<p>[\/et_pb_text][et_pb_toggle title=&#8221;Sector de aplicaci\u00f3n del producto&#8221; open_toggle_background_color=&#8221;rgba(0,0,0,0)&#8221; closed_toggle_background_color=&#8221;rgba(0,0,0,0)&#8221; icon_color=&#8221;#ffb238&#8243; open_icon_color=&#8221;#ffb238&#8243; _builder_version=&#8221;4.16&#8243; _module_preset=&#8221;default&#8221; title_text_color=&#8221;#000000&#8243; title_level=&#8221;h4&#8243; title_font=&#8221;|600||on|||||&#8221; title_font_size=&#8221;14px&#8221; title_letter_spacing=&#8221;1px&#8221; title_line_height=&#8221;1.3em&#8221; body_font=&#8221;Open Sans||||||||&#8221; body_line_height=&#8221;2em&#8221; custom_margin=&#8221;|||&#8221; custom_padding=&#8221;10px||10px||true&#8221; border_width_all=&#8221;0px&#8221; box_shadow_style=&#8221;preset4&#8243; box_shadow_horizontal=&#8221;0px&#8221; box_shadow_vertical=&#8221;0px&#8221; box_shadow_color=&#8221;#ffa30f&#8221; global_colors_info=&#8221;{}&#8221; box_shadow_horizontal__hover_enabled=&#8221;on&#8221; box_shadow_horizontal__hover=&#8221;-6px&#8221;]<\/p>\n<p><span>Sectores: farmac\u00e9utico, pecuario y ganader\u00eda bovina.<\/span><\/p>\n<p>[\/et_pb_toggle][et_pb_toggle title=&#8221;Aplicaciones&#8221; open_toggle_background_color=&#8221;rgba(0,0,0,0)&#8221; closed_toggle_background_color=&#8221;rgba(0,0,0,0)&#8221; icon_color=&#8221;#ffb238&#8243; open_icon_color=&#8221;#ffb238&#8243; _builder_version=&#8221;4.16&#8243; _module_preset=&#8221;default&#8221; title_text_color=&#8221;#000000&#8243; title_level=&#8221;h4&#8243; title_font=&#8221;|600||on|||||&#8221; title_font_size=&#8221;14px&#8221; title_letter_spacing=&#8221;1px&#8221; title_line_height=&#8221;1.3em&#8221; body_font=&#8221;Open Sans||||||||&#8221; body_line_height=&#8221;2em&#8221; custom_margin=&#8221;|||&#8221; custom_padding=&#8221;10px||10px||true&#8221; border_width_all=&#8221;0px&#8221; box_shadow_style=&#8221;preset4&#8243; box_shadow_horizontal=&#8221;0px&#8221; box_shadow_vertical=&#8221;0px&#8221; box_shadow_color=&#8221;#ffa30f&#8221; global_colors_info=&#8221;{}&#8221; box_shadow_horizontal__hover_enabled=&#8221;on&#8221; box_shadow_horizontal__hover=&#8221;-6px&#8221;]<\/p>\n<p><span>Prevenci\u00f3n de una enfermedad de alto impacto para el sector productivo bovino.<\/span><\/p>\n<p>[\/et_pb_toggle][et_pb_toggle title=&#8221;Nivel de sofisticaci\u00f3n&#8221; open_toggle_background_color=&#8221;rgba(0,0,0,0)&#8221; closed_toggle_background_color=&#8221;rgba(0,0,0,0)&#8221; icon_color=&#8221;#ffb238&#8243; open_icon_color=&#8221;#ffb238&#8243; _builder_version=&#8221;4.16&#8243; _module_preset=&#8221;default&#8221; title_text_color=&#8221;#000000&#8243; title_level=&#8221;h4&#8243; title_font=&#8221;|600||on|||||&#8221; title_font_size=&#8221;14px&#8221; title_letter_spacing=&#8221;1px&#8221; title_line_height=&#8221;1.3em&#8221; body_font=&#8221;Open Sans||||||||&#8221; body_line_height=&#8221;2em&#8221; custom_margin=&#8221;|||&#8221; custom_padding=&#8221;10px||10px||true&#8221; border_width_all=&#8221;0px&#8221; box_shadow_style=&#8221;preset4&#8243; box_shadow_horizontal=&#8221;0px&#8221; box_shadow_vertical=&#8221;0px&#8221; box_shadow_color=&#8221;#ffa30f&#8221; global_colors_info=&#8221;{}&#8221; box_shadow_horizontal__hover_enabled=&#8221;on&#8221; box_shadow_horizontal__hover=&#8221;-6px&#8221;]<\/p>\n<p><span>Vacuna<\/span><\/p>\n<p>&nbsp;<\/p>\n<p>[\/et_pb_toggle][et_pb_toggle title=&#8221;Origen del recurso&#8221; open_toggle_background_color=&#8221;rgba(0,0,0,0)&#8221; closed_toggle_background_color=&#8221;rgba(0,0,0,0)&#8221; icon_color=&#8221;#ffb238&#8243; open_icon_color=&#8221;#ffb238&#8243; _builder_version=&#8221;4.16&#8243; _module_preset=&#8221;default&#8221; title_text_color=&#8221;#000000&#8243; title_level=&#8221;h4&#8243; title_font=&#8221;|600||on|||||&#8221; title_font_size=&#8221;14px&#8221; title_letter_spacing=&#8221;1px&#8221; title_line_height=&#8221;1.3em&#8221; body_font=&#8221;Open Sans||||||||&#8221; body_line_height=&#8221;2em&#8221; custom_margin=&#8221;|||&#8221; custom_padding=&#8221;10px||10px||true&#8221; border_width_all=&#8221;0px&#8221; box_shadow_style=&#8221;preset4&#8243; box_shadow_horizontal=&#8221;0px&#8221; box_shadow_vertical=&#8221;0px&#8221; box_shadow_color=&#8221;#ffa30f&#8221; global_colors_info=&#8221;{}&#8221; box_shadow_horizontal__hover_enabled=&#8221;on&#8221; box_shadow_horizontal__hover=&#8221;-6px&#8221;]<\/p>\n<p><span>Producci\u00f3n de ant\u00edgenos por biotecnolog\u00eda, a trav\u00e9s de la infecci\u00f3n de cultivos celulares,\u00a0 purificaci\u00f3n y formulaci\u00f3n.<\/span><\/p>\n<p>[\/et_pb_toggle][et_pb_toggle title=&#8221;Pa\u00edses de comercializaci\u00f3n&#8221; open_toggle_background_color=&#8221;rgba(0,0,0,0)&#8221; closed_toggle_background_color=&#8221;rgba(0,0,0,0)&#8221; icon_color=&#8221;#ffb238&#8243; open_icon_color=&#8221;#ffb238&#8243; _builder_version=&#8221;4.16&#8243; _module_preset=&#8221;default&#8221; title_text_color=&#8221;#000000&#8243; title_level=&#8221;h4&#8243; title_font=&#8221;|600||on|||||&#8221; title_font_size=&#8221;14px&#8221; title_letter_spacing=&#8221;1px&#8221; title_line_height=&#8221;1.3em&#8221; body_font=&#8221;Open Sans||||||||&#8221; body_line_height=&#8221;2em&#8221; custom_margin=&#8221;|||&#8221; custom_padding=&#8221;10px||10px||true&#8221; border_width_all=&#8221;0px&#8221; box_shadow_style=&#8221;preset4&#8243; box_shadow_horizontal=&#8221;0px&#8221; box_shadow_vertical=&#8221;0px&#8221; box_shadow_color=&#8221;#ffa30f&#8221; global_colors_info=&#8221;{}&#8221; box_shadow_horizontal__hover_enabled=&#8221;on&#8221; box_shadow_horizontal__hover=&#8221;-6px&#8221;]<\/p>\n<p><span>Colombia, Ecuador y Uruguay.<\/span><\/p>\n<p>[\/et_pb_toggle][et_pb_toggle title=&#8221;Patentes&#8221; open_toggle_background_color=&#8221;rgba(0,0,0,0)&#8221; closed_toggle_background_color=&#8221;rgba(0,0,0,0)&#8221; icon_color=&#8221;#ffb238&#8243; open_icon_color=&#8221;#ffb238&#8243; _builder_version=&#8221;4.16&#8243; _module_preset=&#8221;default&#8221; title_text_color=&#8221;#000000&#8243; title_level=&#8221;h4&#8243; title_font=&#8221;|600||on|||||&#8221; title_font_size=&#8221;14px&#8221; title_letter_spacing=&#8221;1px&#8221; title_line_height=&#8221;1.3em&#8221; body_font=&#8221;Open Sans||||||||&#8221; body_line_height=&#8221;2em&#8221; custom_margin=&#8221;|||&#8221; custom_padding=&#8221;10px||10px||true&#8221; border_width_all=&#8221;0px&#8221; box_shadow_style=&#8221;preset4&#8243; box_shadow_horizontal=&#8221;0px&#8221; box_shadow_vertical=&#8221;0px&#8221; box_shadow_color=&#8221;#ffa30f&#8221; global_colors_info=&#8221;{}&#8221; box_shadow_horizontal__hover_enabled=&#8221;on&#8221; box_shadow_horizontal__hover=&#8221;-6px&#8221;]<\/p>\n<p><span>25395 Superintendencia de Industria y Comercio Colombia.\u00a0<\/span><\/p>\n<p>[\/et_pb_toggle][et_pb_toggle title=&#8221;Apoyo gubernamental&#8221; open_toggle_background_color=&#8221;rgba(0,0,0,0)&#8221; closed_toggle_background_color=&#8221;rgba(0,0,0,0)&#8221; icon_color=&#8221;#ffb238&#8243; open_icon_color=&#8221;#ffb238&#8243; _builder_version=&#8221;4.16&#8243; _module_preset=&#8221;default&#8221; title_text_color=&#8221;#000000&#8243; title_level=&#8221;h4&#8243; title_font=&#8221;|600||on|||||&#8221; title_font_size=&#8221;14px&#8221; title_letter_spacing=&#8221;1px&#8221; title_line_height=&#8221;1.3em&#8221; body_font=&#8221;Open Sans||||||||&#8221; body_line_height=&#8221;2em&#8221; custom_margin=&#8221;|||&#8221; custom_padding=&#8221;10px||10px||true&#8221; border_width_all=&#8221;0px&#8221; box_shadow_style=&#8221;preset4&#8243; box_shadow_horizontal=&#8221;0px&#8221; box_shadow_vertical=&#8221;0px&#8221; box_shadow_color=&#8221;#ffa30f&#8221; global_colors_info=&#8221;{}&#8221; box_shadow_horizontal__hover_enabled=&#8221;on&#8221; box_shadow_horizontal__hover=&#8221;-6px&#8221;]<\/p>\n<p style=\"text-align: justify;\"><span>Vecol es una empresa que cuenta con una participacion accionaria del 82 % del Ministerio de Agricultura y Desarrollo Rural de Colombia.<\/span><\/p>\n<p style=\"text-align: justify;\"><span>Recientemente, Vecol cont\u00f3 con el acompa\u00f1amiento del programa Hub Bio en una fase\u00a0 puntual de un desarrollo. El Hub Bio es liderado por la Secretar\u00eda de Desarrollo Econ\u00f3mico de la Alcald\u00eda de Bogot\u00e1 y a C\u00e1mara de Comercio de Bogot\u00e1 en alianza con Biointropic.<\/span><\/p>\n<p style=\"text-align: justify;\"><span>Adem\u00e1s, Vecol recibi\u00f3 el apoyo de<\/span>l Ministerio de Ciencia, Tecnolog\u00eda e Innovaci\u00f3n para el desarrollo de un proyecto en 2017, aceptado para beneficios tributarios.<\/p>\n<p>[\/et_pb_toggle][et_pb_toggle title=&#8221;Ecosistema de innovaci\u00f3n&#8221; open_toggle_background_color=&#8221;rgba(0,0,0,0)&#8221; closed_toggle_background_color=&#8221;rgba(0,0,0,0)&#8221; icon_color=&#8221;#ffb238&#8243; open_icon_color=&#8221;#ffb238&#8243; _builder_version=&#8221;4.16&#8243; _module_preset=&#8221;default&#8221; title_text_color=&#8221;#000000&#8243; title_level=&#8221;h4&#8243; title_font=&#8221;|600||on|||||&#8221; title_font_size=&#8221;14px&#8221; title_letter_spacing=&#8221;1px&#8221; title_line_height=&#8221;1.3em&#8221; body_font=&#8221;Open Sans||||||||&#8221; body_line_height=&#8221;2em&#8221; custom_margin=&#8221;|||&#8221; custom_padding=&#8221;0px||0px||true|&#8221; border_width_all=&#8221;0px&#8221; box_shadow_style=&#8221;preset4&#8243; box_shadow_horizontal=&#8221;0px&#8221; box_shadow_vertical=&#8221;0px&#8221; box_shadow_color=&#8221;#ffa30f&#8221; global_colors_info=&#8221;{}&#8221; box_shadow_horizontal__hover_enabled=&#8221;on&#8221; box_shadow_horizontal__hover=&#8221;-6px&#8221;]<\/p>\n<p><span>Vecol cuenta con colaboraciones con m\u00e1s de 10 universidades y desarrolla proyectos de excelencia sanitaria con mas de 20 instituciones aliadas.<\/span><\/p>\n<p><span>Cabe mencionar c<\/span>olaboraciones con: Instituto Pasteur (Francia), INRS-Institut Armand-Frappier (Canad\u00e1), IZSLER, Istituto Zooprofilattico Sperimentale della Lombardia e dell&#8217;Emilia Romagna (Italia), Universidad Nacional de Colombia, Plum Island Animal Disease Center (USDA ARS), y The Pirbright Institute (Reino Unido).<\/p>\n<p>Asimismo, en la d\u00e9cada de los 80 Vecol recibi\u00f3 financiaci\u00f3n de la Fundaci\u00f3n Rockefeller (EEUU) para el desarrollo de la vacuna antirr\u00e1bica humana y veterinaria.\u00a0<\/p>\n<p>Recientemente, Vecol realiza transferencia tecnol\u00f3gica con entidades de varios pa\u00edses.\u00a0<\/p>\n<p>[\/et_pb_toggle][\/et_pb_column][\/et_pb_row][et_pb_row column_structure=&#8221;1_5,3_5,1_5&#8243; _builder_version=&#8221;4.16&#8243; _module_preset=&#8221;default&#8221; custom_padding=&#8221;58px||0px|||&#8221; global_colors_info=&#8221;{}&#8221;][et_pb_column type=&#8221;1_5&#8243; _builder_version=&#8221;4.16&#8243; _module_preset=&#8221;default&#8221; global_colors_info=&#8221;{}&#8221;][\/et_pb_column][et_pb_column type=&#8221;3_5&#8243; _builder_version=&#8221;4.16&#8243; _module_preset=&#8221;default&#8221; global_colors_info=&#8221;{}&#8221;][et_pb_divider color=&#8221;#619118&#8243; _builder_version=&#8221;4.16&#8243; _module_preset=&#8221;default&#8221; global_colors_info=&#8221;{}&#8221;][\/et_pb_divider][\/et_pb_column][et_pb_column type=&#8221;1_5&#8243; _builder_version=&#8221;4.16&#8243; _module_preset=&#8221;default&#8221; global_colors_info=&#8221;{}&#8221;][\/et_pb_column][\/et_pb_row][et_pb_row column_structure=&#8221;1_5,3_5,1_5&#8243; _builder_version=&#8221;4.16&#8243; _module_preset=&#8221;default&#8221; global_colors_info=&#8221;{}&#8221;][et_pb_column type=&#8221;1_5&#8243; _builder_version=&#8221;4.16&#8243; _module_preset=&#8221;default&#8221; global_colors_info=&#8221;{}&#8221;][\/et_pb_column][et_pb_column type=&#8221;3_5&#8243; _builder_version=&#8221;4.16&#8243; _module_preset=&#8221;default&#8221; global_colors_info=&#8221;{}&#8221;][et_pb_text _builder_version=&#8221;4.16&#8243; _module_preset=&#8221;default&#8221; global_colors_info=&#8221;{}&#8221;]<\/p>\n<h2 style=\"text-align: center;\">Otros datos clave<\/h2>\n<p>[\/et_pb_text][\/et_pb_column][et_pb_column type=&#8221;1_5&#8243; _builder_version=&#8221;4.16&#8243; _module_preset=&#8221;default&#8221; global_colors_info=&#8221;{}&#8221;][\/et_pb_column][\/et_pb_row][et_pb_row column_structure=&#8221;1_2,1_2&#8243; make_equal=&#8221;on&#8221; padding_top_bottom_link_1=&#8221;true&#8221; padding_top_bottom_link_2=&#8221;true&#8221; padding_left_right_link_1=&#8221;true&#8221; padding_left_right_link_2=&#8221;true&#8221; _builder_version=&#8221;4.16&#8243; _module_preset=&#8221;default&#8221; global_colors_info=&#8221;{}&#8221;][et_pb_column type=&#8221;1_2&#8243; _builder_version=&#8221;4.16&#8243; _module_preset=&#8221;default&#8221; use_background_color_gradient=&#8221;on&#8221; background_color_gradient_stops=&#8221;rgba(99,91,0,0.2) 0%|rgba(61,132,0,0.41) 100%&#8221; background_color_gradient_overlays_image=&#8221;on&#8221; background_color_gradient_start=&#8221;rgba(99,91,0,0.2)&#8221; background_color_gradient_end=&#8221;rgba(61,132,0,0.41)&#8221; background_image=&#8221;https:\/\/portafoliobio.minciencias.gov.co\/wp-content\/uploads\/2024\/05\/fondo-2-man.jpg&#8221; custom_padding=&#8221;8vw|40px|8vw|40px&#8221; global_colors_info=&#8221;{}&#8221; custom_padding__hover=&#8221;|||&#8221;][et_pb_text _builder_version=&#8221;4.27.2&#8243; _module_preset=&#8221;default&#8221; text_font=&#8221;||||||||&#8221; text_font_size=&#8221;16px&#8221; text_line_height=&#8221;2em&#8221; header_font=&#8221;||||||||&#8221; header_2_font=&#8221;Gilda Display||||||||&#8221; header_2_font_size=&#8221;90px&#8221; header_2_line_height=&#8221;1.3em&#8221; header_3_font=&#8221;|700||on|||||&#8221; header_3_font_size=&#8221;16px&#8221; header_3_letter_spacing=&#8221;6px&#8221; header_3_line_height=&#8221;1.6em&#8221; text_orientation=&#8221;center&#8221; background_layout=&#8221;dark&#8221; max_width=&#8221;700px&#8221; module_alignment=&#8221;center&#8221; header_2_font_size_tablet=&#8221;40px&#8221; header_2_font_size_phone=&#8221;30px&#8221; header_2_font_size_last_edited=&#8221;on|phone&#8221; locked=&#8221;off&#8221; global_colors_info=&#8221;{}&#8221; header_3_font_size__hover=&#8221;22px&#8221; header_3_font_size__hover_enabled=&#8221;22px&#8221; header_3_letter_spacing__hover=&#8221;0px&#8221; header_3_letter_spacing__hover_enabled=&#8221;0px&#8221; header_3_line_height__hover=&#8221;1em&#8221; header_3_line_height__hover_enabled=&#8221;1em&#8221; header_3_text_shadow_style__hover=&#8221;none&#8221; header_3_text_shadow_style__hover_enabled=&#8221;none&#8221; header_3_text_shadow_color__hover=&#8221;rgba(0,0,0,0.4)&#8221; header_3_text_shadow_color__hover_enabled=&#8221;rgba(0,0,0,0.4)&#8221; header_font_size__hover=&#8221;30px&#8221; header_font_size__hover_enabled=&#8221;30px&#8221; header_letter_spacing__hover=&#8221;0px&#8221; header_letter_spacing__hover_enabled=&#8221;0px&#8221; header_text_shadow_style__hover=&#8221;none&#8221; header_text_shadow_style__hover_enabled=&#8221;none&#8221; header_text_shadow_color__hover=&#8221;rgba(0,0,0,0.4)&#8221; header_text_shadow_color__hover_enabled=&#8221;rgba(0,0,0,0.4)&#8221;]<\/p>\n<h3>Impacto social<\/h3>\n<p>&nbsp;<\/p>\n<p style=\"text-align: justify;\">La llegada de la fiebre Aftosa a Colombia -desde los a\u00f1os 50-, ha causado millonarias p\u00e9rdidas por disminuci\u00f3n en la producci\u00f3n de leche, p\u00e9rdidas de peso y muerte de los animales. Un hecho que ha derivado en limitaciones para la exportaci\u00f3n de carne a diferentes pa\u00edses del mundo.<\/p>\n<p style=\"text-align: justify;\">En este sentido, la vacuna contra la fiebre Aftosa, producida por Vecol, ha contribuido ampliamente en la recuperaci\u00f3n del estatus <em>libre de aftosa<\/em> con vacunaci\u00f3n en Colombia. Esto repercute positivamente en la econom\u00eda del pa\u00eds, y en el bienestar de los ganaderos y de los animales.<\/p>\n<p style=\"text-align: justify;\">Asimismo, Vecol ha implementado programas de farmacovigilancia con el fin de hacer seguimiento a reacciones adversas a la vacunaci\u00f3n.<\/p>\n<p>[\/et_pb_text][\/et_pb_column][et_pb_column type=&#8221;1_2&#8243; _builder_version=&#8221;4.16&#8243; _module_preset=&#8221;default&#8221; use_background_color_gradient=&#8221;on&#8221; background_color_gradient_stops=&#8221;rgba(255,135,22,0.2) 0%|rgba(255,135,22,0.64) 100%&#8221; background_color_gradient_overlays_image=&#8221;on&#8221; background_color_gradient_start=&#8221;rgba(255,135,22,0.2)&#8221; background_color_gradient_end=&#8221;rgba(255,135,22,0.64)&#8221; background_image=&#8221;https:\/\/portafoliobio.minciencias.gov.co\/wp-content\/uploads\/2024\/05\/Fondo-verd-1.jpg&#8221; custom_padding=&#8221;8vw|40px|8vw|40px&#8221; global_colors_info=&#8221;{}&#8221; custom_padding__hover=&#8221;|||&#8221;][et_pb_text _builder_version=&#8221;4.27.2&#8243; _module_preset=&#8221;default&#8221; text_font=&#8221;||||||||&#8221; text_font_size=&#8221;16px&#8221; text_line_height=&#8221;2em&#8221; header_font=&#8221;||||||||&#8221; header_2_font=&#8221;Gilda Display||||||||&#8221; header_2_font_size=&#8221;90px&#8221; header_2_line_height=&#8221;1.3em&#8221; header_3_font=&#8221;|700||on|||||&#8221; header_3_font_size=&#8221;16px&#8221; header_3_letter_spacing=&#8221;6px&#8221; header_3_line_height=&#8221;1.6em&#8221; text_orientation=&#8221;center&#8221; background_layout=&#8221;dark&#8221; max_width=&#8221;700px&#8221; module_alignment=&#8221;center&#8221; header_2_font_size_tablet=&#8221;40px&#8221; header_2_font_size_phone=&#8221;30px&#8221; header_2_font_size_last_edited=&#8221;on|phone&#8221; locked=&#8221;off&#8221; global_colors_info=&#8221;{}&#8221; header_3_font_size__hover=&#8221;22px&#8221; header_3_font_size__hover_enabled=&#8221;22px&#8221; header_3_letter_spacing__hover=&#8221;0px&#8221; header_3_letter_spacing__hover_enabled=&#8221;0px&#8221; header_3_line_height__hover=&#8221;1em&#8221; header_3_line_height__hover_enabled=&#8221;1em&#8221; header_3_text_shadow_style__hover=&#8221;none&#8221; header_3_text_shadow_style__hover_enabled=&#8221;none&#8221; header_3_text_shadow_color__hover=&#8221;rgba(0,0,0,0.4)&#8221; header_3_text_shadow_color__hover_enabled=&#8221;rgba(0,0,0,0.4)&#8221; header_font_size__hover=&#8221;30px&#8221; header_font_size__hover_enabled=&#8221;30px&#8221; header_letter_spacing__hover=&#8221;0px&#8221; header_letter_spacing__hover_enabled=&#8221;0px&#8221; header_text_shadow_style__hover=&#8221;none&#8221; header_text_shadow_style__hover_enabled=&#8221;none&#8221; header_text_shadow_color__hover=&#8221;rgba(0,0,0,0.4)&#8221; header_text_shadow_color__hover_enabled=&#8221;rgba(0,0,0,0.4)&#8221;]<\/p>\n<h3>Impacto ambiental<\/h3>\n<p>&nbsp;<\/p>\n<p style=\"text-align: justify;\"><span>Vecol maneja los recursos y emisiones de acuerdo a la legislaci\u00f3n vigente colombiana.\u00a0<\/span><\/p>\n<p style=\"text-align: justify;\"><span>Vecol ha sido pionera en bioseguridad para la producci\u00f3n de vacunas en Colombia.<\/span><\/p>\n<p style=\"text-align: justify;\"><span>La empresa tiene su propia planta de tratamiento de aguas residuales y realiza un seguimiento permanente de las emisiones generadas al medio ambiente.<\/span><\/p>\n<p>[\/et_pb_text][\/et_pb_column][\/et_pb_row][et_pb_row column_structure=&#8221;1_2,1_2&#8243; make_equal=&#8221;on&#8221; _builder_version=&#8221;4.16&#8243; _module_preset=&#8221;default&#8221; custom_margin=&#8221;|auto|15px|auto||&#8221; locked=&#8221;off&#8221; global_colors_info=&#8221;{}&#8221;][et_pb_column type=&#8221;1_2&#8243; _builder_version=&#8221;4.16&#8243; _module_preset=&#8221;default&#8221; custom_padding=&#8221;40px|20px|40px|20px|true|true&#8221; border_width_all=&#8221;1px&#8221; border_color_all=&#8221;rgba(85,101,112,0.2)&#8221; global_colors_info=&#8221;{}&#8221;][et_pb_blurb title=&#8221;Hitos&#8221; use_icon=&#8221;on&#8221; _builder_version=&#8221;4.27.2&#8243; _module_preset=&#8221;default&#8221; header_font=&#8221;Cabin|700||on|||||&#8221; header_text_color=&#8221;#002d4c&#8221; header_font_size=&#8221;16px&#8221; header_letter_spacing=&#8221;1px&#8221; body_font=&#8221;Cabin||||||||&#8221; body_text_color=&#8221;rgba(85,101,112,0.8)&#8221; body_line_height=&#8221;1.8em&#8221; body_link_font=&#8221;|700||on|||||&#8221; body_link_text_color=&#8221;#b78448&#8243; body_link_letter_spacing=&#8221;2px&#8221; text_orientation=&#8221;center&#8221; animation=&#8221;off&#8221; body_font_size_tablet=&#8221;15px&#8221; body_font_size_phone=&#8221;14px&#8221; body_font_size_last_edited=&#8221;off|desktop&#8221; custom_css_blurb_title=&#8221;margin: 16px 0;&#8221; locked=&#8221;off&#8221; global_colors_info=&#8221;{}&#8221; header_text_color__hover_enabled=&#8221;off|desktop&#8221; header_text_color__hover=&#8221;#ffffff&#8221; body_text_color__hover_enabled=&#8221;off|desktop&#8221; body_text_color__hover=&#8221;#ffffff&#8221;]<\/p>\n<p style=\"text-align: justify;\"><span>La vacuna AFTOGAN fue desarrollada en VECOL, y se perfeccion\u00f3 en su m\u00e9todo de producci\u00f3n.<\/span><\/p>\n<p style=\"text-align: justify;\"><span>La vacuna ha contribuido a la obtenci\u00f3n del status sanitario de Libre de Aftosa con vacunaci\u00f3n , la cual habilita las exportaciones a otros pa\u00edses y favorece el crecimiento de la cadena productiva bovina de Colombia.<\/span><\/p>\n<p style=\"text-align: justify;\"><span>Fue la primera vacuna para la prevenci\u00f3n de la fiebre aftosa desarrollada en Colombia, y ha sido objeto de varias modificaciones en su proceso. Fue la primera vacuna en formularse en dosis de 2 mL en el mundo.<\/span><\/p>\n<p>[\/et_pb_blurb][\/et_pb_column][et_pb_column type=&#8221;1_2&#8243; _builder_version=&#8221;4.16&#8243; _module_preset=&#8221;default&#8221; custom_padding=&#8221;40px|20px|40px|20px|true|true&#8221; border_width_all=&#8221;1px&#8221; border_color_all=&#8221;rgba(85,101,112,0.2)&#8221; global_colors_info=&#8221;{}&#8221;][et_pb_blurb title=&#8221;ODS&#8221; use_icon=&#8221;on&#8221; _builder_version=&#8221;4.27.2&#8243; _module_preset=&#8221;default&#8221; header_font=&#8221;Cabin|700||on|||||&#8221; header_text_color=&#8221;#002d4c&#8221; header_font_size=&#8221;16px&#8221; header_letter_spacing=&#8221;1px&#8221; body_font=&#8221;Cabin||||||||&#8221; body_text_color=&#8221;rgba(85,101,112,0.8)&#8221; body_line_height=&#8221;1.8em&#8221; body_link_font=&#8221;|700||on|||||&#8221; body_link_text_color=&#8221;#b78448&#8243; body_link_letter_spacing=&#8221;2px&#8221; text_orientation=&#8221;center&#8221; animation=&#8221;off&#8221; body_font_size_tablet=&#8221;15px&#8221; body_font_size_phone=&#8221;14px&#8221; body_font_size_last_edited=&#8221;off|desktop&#8221; custom_css_blurb_title=&#8221;margin: 16px 0;&#8221; locked=&#8221;off&#8221; global_colors_info=&#8221;{}&#8221; header_text_color__hover_enabled=&#8221;off|desktop&#8221; header_text_color__hover=&#8221;#ffffff&#8221; body_text_color__hover_enabled=&#8221;off|desktop&#8221; body_text_color__hover=&#8221;#ffffff&#8221;]<\/p>\n<p><span>Vecol impacta los siguientes Objetivos de Desarrollo Sostenible: <\/span><\/p>\n<p><span>ODS 2. Hambre cero<\/span><\/p>\n<p><span>ODS 3. Salud y bienestar<\/span><\/p>\n<p><span>ODS 9. Industria, innovaci\u00f3n e infraestructura.<\/span><\/p>\n<p>&nbsp;<\/p>\n<p>[\/et_pb_blurb][\/et_pb_column][\/et_pb_row][et_pb_row column_structure=&#8221;1_3,1_3,1_3&#8243; make_equal=&#8221;on&#8221; _builder_version=&#8221;4.16&#8243; _module_preset=&#8221;default&#8221; custom_margin=&#8221;|auto|15px|auto||&#8221; locked=&#8221;off&#8221; global_colors_info=&#8221;{}&#8221;][et_pb_column type=&#8221;1_3&#8243; _builder_version=&#8221;4.16&#8243; _module_preset=&#8221;default&#8221; custom_padding=&#8221;40px|20px|40px|20px|true|true&#8221; border_width_all=&#8221;1px&#8221; border_color_all=&#8221;rgba(85,101,112,0.2)&#8221; global_colors_info=&#8221;{}&#8221;][et_pb_blurb title=&#8221;I + D + i&#8221; use_icon=&#8221;on&#8221; _builder_version=&#8221;4.16&#8243; _module_preset=&#8221;default&#8221; header_font=&#8221;Cabin|700||on|||||&#8221; header_text_color=&#8221;#002d4c&#8221; header_font_size=&#8221;16px&#8221; header_letter_spacing=&#8221;1px&#8221; body_font=&#8221;Cabin||||||||&#8221; body_text_color=&#8221;rgba(85,101,112,0.8)&#8221; body_line_height=&#8221;1.8em&#8221; body_link_font=&#8221;|700||on|||||&#8221; body_link_text_color=&#8221;#b78448&#8243; body_link_letter_spacing=&#8221;2px&#8221; text_orientation=&#8221;center&#8221; animation=&#8221;off&#8221; body_font_size_tablet=&#8221;15px&#8221; body_font_size_phone=&#8221;14px&#8221; body_font_size_last_edited=&#8221;off|desktop&#8221; custom_css_blurb_title=&#8221;margin: 16px 0;&#8221; locked=&#8221;off&#8221; global_colors_info=&#8221;{}&#8221; header_text_color__hover_enabled=&#8221;off|desktop&#8221; header_text_color__hover=&#8221;#ffffff&#8221; body_text_color__hover_enabled=&#8221;off|desktop&#8221; body_text_color__hover=&#8221;#ffffff&#8221;]<\/p>\n<p style=\"text-align: justify;\"><span>Desde su constituci\u00f3n, la empresa ha contado con un departamento de Investigaci\u00f3n y Desarrollo. Esta \u00e1rea fue reconocida por COLCIENCIAS en 2017 como unidad de I+D+i , a trav\u00e9s de la resoluci\u00f3n 0442 de mayo de 2017.<\/span><\/p>\n<p>[\/et_pb_blurb][\/et_pb_column][et_pb_column type=&#8221;1_3&#8243; _builder_version=&#8221;4.16&#8243; _module_preset=&#8221;default&#8221; custom_padding=&#8221;40px|20px|40px|20px|true|true&#8221; border_width_all=&#8221;1px&#8221; border_color_all=&#8221;rgba(85,101,112,0.2)&#8221; global_colors_info=&#8221;{}&#8221;][et_pb_blurb title=&#8221;Atributos&#8221; use_icon=&#8221;on&#8221; _builder_version=&#8221;4.27.2&#8243; _module_preset=&#8221;default&#8221; header_font=&#8221;Cabin|700||on|||||&#8221; header_text_color=&#8221;#002d4c&#8221; header_font_size=&#8221;16px&#8221; header_letter_spacing=&#8221;1px&#8221; body_font=&#8221;Cabin||||||||&#8221; body_text_color=&#8221;rgba(85,101,112,0.8)&#8221; body_line_height=&#8221;1.8em&#8221; body_link_font=&#8221;|700||on|||||&#8221; body_link_text_color=&#8221;#b78448&#8243; body_link_letter_spacing=&#8221;2px&#8221; text_orientation=&#8221;center&#8221; animation=&#8221;off&#8221; body_font_size_tablet=&#8221;15px&#8221; body_font_size_phone=&#8221;14px&#8221; body_font_size_last_edited=&#8221;off|desktop&#8221; custom_css_blurb_title=&#8221;margin: 16px 0;&#8221; locked=&#8221;off&#8221; global_colors_info=&#8221;{}&#8221; header_text_color__hover_enabled=&#8221;off|desktop&#8221; header_text_color__hover=&#8221;#ffffff&#8221; body_text_color__hover_enabled=&#8221;off|desktop&#8221; body_text_color__hover=&#8221;#ffffff&#8221;]<\/p>\n<p>Cada dosis de 2 ml de vacuna contiene:<\/p>\n<p>Virus de la Fiebre Aftosa A<sub>24<\/sub> Cruzeiro y O<sub>1\u00a0<\/sub>Campos 1,2 ml.\u00a0 Adyuvante oleoso:\u00a0 0,8 ml.<\/p>\n<p>[\/et_pb_blurb][\/et_pb_column][et_pb_column type=&#8221;1_3&#8243; _builder_version=&#8221;4.16&#8243; _module_preset=&#8221;default&#8221; custom_padding=&#8221;40px|20px|40px|20px|true|true&#8221; border_width_all=&#8221;1px&#8221; border_color_all=&#8221;rgba(85,101,112,0.2)&#8221; global_colors_info=&#8221;{}&#8221;][et_pb_blurb title=&#8221;otras caracter\u00edsticas&#8221; use_icon=&#8221;on&#8221; _builder_version=&#8221;4.27.2&#8243; _module_preset=&#8221;default&#8221; header_font=&#8221;Cabin|700||on|||||&#8221; header_text_color=&#8221;#002d4c&#8221; header_font_size=&#8221;16px&#8221; header_letter_spacing=&#8221;1px&#8221; body_font=&#8221;Cabin||||||||&#8221; body_text_color=&#8221;rgba(85,101,112,0.8)&#8221; body_line_height=&#8221;1.8em&#8221; body_link_font=&#8221;|700||on|||||&#8221; body_link_text_color=&#8221;#b78448&#8243; body_link_letter_spacing=&#8221;2px&#8221; text_orientation=&#8221;center&#8221; animation=&#8221;off&#8221; body_font_size_tablet=&#8221;15px&#8221; body_font_size_phone=&#8221;14px&#8221; body_font_size_last_edited=&#8221;off|desktop&#8221; custom_css_blurb_title=&#8221;margin: 16px 0;&#8221; locked=&#8221;off&#8221; global_colors_info=&#8221;{}&#8221; header_text_color__hover_enabled=&#8221;off|desktop&#8221; header_text_color__hover=&#8221;#ffffff&#8221; body_text_color__hover_enabled=&#8221;off|desktop&#8221; body_text_color__hover=&#8221;#ffffff&#8221;]<\/p>\n<p style=\"text-align: justify;\"><span>Suspensi\u00f3n bivalente del virus de la fiebre Aftosa elaborada con los subtipos A24 Cruzeiro y O1 Campos cultivados en c\u00e9lulas BHK (Ri\u00f1\u00f3n de H\u00e1mster Lactante) en suspensi\u00f3n, inactivados con BEI y emulsionados en adyuvante oleoso. <\/span><\/p>\n<p>[\/et_pb_blurb][\/et_pb_column][\/et_pb_row][et_pb_row column_structure=&#8221;1_5,3_5,1_5&#8243; disabled_on=&#8221;on|off|off&#8221; admin_label=&#8221;Row&#8221; _builder_version=&#8221;4.16&#8243; _module_preset=&#8221;default&#8221; global_colors_info=&#8221;{}&#8221;][et_pb_column type=&#8221;1_5&#8243; _builder_version=&#8221;4.16&#8243; _module_preset=&#8221;default&#8221; global_colors_info=&#8221;{}&#8221;][\/et_pb_column][et_pb_column type=&#8221;3_5&#8243; _builder_version=&#8221;4.16&#8243; _module_preset=&#8221;default&#8221; global_colors_info=&#8221;{}&#8221;][et_pb_code _builder_version=&#8221;4.27.2&#8243; _module_preset=&#8221;default&#8221; global_colors_info=&#8221;{}&#8221;]<iframe loading=\"lazy\" width=\"560\" height=\"315\" src=\"https:\/\/www.youtube.com\/embed\/g_oxgWY2cYI?si=5paiz9g6EcWyNq4o&#038;start=1\" title=\"YouTube video player\" frameborder=\"0\" allow=\"accelerometer; autoplay; clipboard-write; encrypted-media; gyroscope; picture-in-picture; web-share\" referrerpolicy=\"strict-origin-when-cross-origin\" allowfullscreen><\/iframe>[\/et_pb_code][\/et_pb_column][et_pb_column type=&#8221;1_5&#8243; _builder_version=&#8221;4.16&#8243; _module_preset=&#8221;default&#8221; global_colors_info=&#8221;{}&#8221;][\/et_pb_column][\/et_pb_row][et_pb_row column_structure=&#8221;1_5,3_5,1_5&#8243; _builder_version=&#8221;4.16&#8243; _module_preset=&#8221;default&#8221; custom_margin=&#8221;45px|auto||auto||&#8221; global_colors_info=&#8221;{}&#8221;][et_pb_column type=&#8221;1_5&#8243; _builder_version=&#8221;4.16&#8243; _module_preset=&#8221;default&#8221; global_colors_info=&#8221;{}&#8221;][\/et_pb_column][et_pb_column type=&#8221;3_5&#8243; _builder_version=&#8221;4.16&#8243; _module_preset=&#8221;default&#8221; global_colors_info=&#8221;{}&#8221;][et_pb_divider color=&#8221;#619118&#8243; _builder_version=&#8221;4.16&#8243; _module_preset=&#8221;default&#8221; global_colors_info=&#8221;{}&#8221;][\/et_pb_divider][\/et_pb_column][et_pb_column type=&#8221;1_5&#8243; _builder_version=&#8221;4.16&#8243; _module_preset=&#8221;default&#8221; global_colors_info=&#8221;{}&#8221;][\/et_pb_column][\/et_pb_row][et_pb_row column_structure=&#8221;1_5,3_5,1_5&#8243; _builder_version=&#8221;4.16&#8243; _module_preset=&#8221;default&#8221; custom_padding=&#8221;29px||0px|||&#8221; global_colors_info=&#8221;{}&#8221;][et_pb_column type=&#8221;1_5&#8243; _builder_version=&#8221;4.16&#8243; _module_preset=&#8221;default&#8221; global_colors_info=&#8221;{}&#8221;][\/et_pb_column][et_pb_column type=&#8221;3_5&#8243; _builder_version=&#8221;4.16&#8243; _module_preset=&#8221;default&#8221; border_width_all=&#8221;1px&#8221; global_colors_info=&#8221;{}&#8221;][et_pb_text _builder_version=&#8221;4.27.2&#8243; _module_preset=&#8221;default&#8221; text_font=&#8221;Cabin||||||||&#8221; text_text_color=&#8221;rgba(85,101,112,0.8)&#8221; text_font_size=&#8221;16px&#8221; text_line_height=&#8221;1.8em&#8221; header_font=&#8221;Playfair Display|700|||||||&#8221; header_text_color=&#8221;#002d4c&#8221; header_font_size=&#8221;40px&#8221; header_line_height=&#8221;1.1em&#8221; header_3_font=&#8221;Cabin|700||on|||||&#8221; header_3_text_color=&#8221;#bd8f52&#8243; header_3_font_size=&#8221;13px&#8221; header_3_letter_spacing=&#8221;3px&#8221; header_3_line_height=&#8221;1.4em&#8221; max_width=&#8221;36vw&#8221; max_width_tablet=&#8221;90%&#8221; max_width_phone=&#8221;100%&#8221; max_width_last_edited=&#8221;on|tablet&#8221; custom_margin=&#8221;0px||||false|false&#8221; custom_padding=&#8221;14px|10px|0px|10px|false|false&#8221; text_font_size_tablet=&#8221;15px&#8221; text_font_size_phone=&#8221;14px&#8221; text_font_size_last_edited=&#8221;on|phone&#8221; header_font_size_tablet=&#8221;52px&#8221; header_font_size_phone=&#8221;38px&#8221; header_font_size_last_edited=&#8221;on|desktop&#8221; locked=&#8221;off&#8221; global_colors_info=&#8221;{}&#8221;]<\/p>\n<h3>DATOS DE LA EMPRESA<\/h3>\n<h1><span>Vecol S.A.\u00a0<\/span><\/h1>\n<p>[\/et_pb_text][et_pb_toggle title=&#8221;Email&#8221; open_toggle_background_color=&#8221;rgba(0,0,0,0)&#8221; closed_toggle_background_color=&#8221;rgba(0,0,0,0)&#8221; icon_color=&#8221;#ffb238&#8243; open_icon_color=&#8221;#ffb238&#8243; _builder_version=&#8221;4.16&#8243; _module_preset=&#8221;default&#8221; title_text_color=&#8221;#000000&#8243; title_level=&#8221;h4&#8243; title_font=&#8221;|600||on|||||&#8221; title_font_size=&#8221;14px&#8221; title_letter_spacing=&#8221;1px&#8221; title_line_height=&#8221;1.3em&#8221; body_font=&#8221;Open Sans||||||||&#8221; body_line_height=&#8221;2em&#8221; custom_margin=&#8221;|||&#8221; custom_padding=&#8221;10px||10px||true&#8221; border_width_all=&#8221;0px&#8221; box_shadow_style=&#8221;preset4&#8243; box_shadow_horizontal=&#8221;0px&#8221; box_shadow_vertical=&#8221;0px&#8221; box_shadow_color=&#8221;#ffa30f&#8221; global_colors_info=&#8221;{}&#8221; box_shadow_horizontal__hover_enabled=&#8221;on&#8221; box_shadow_horizontal__hover=&#8221;-6px&#8221;]<\/p>\n<p><span>zulma.suarez@vecol.com.co<\/span><\/p>\n<p>[\/et_pb_toggle][et_pb_toggle title=&#8221;Web&#8221; open_toggle_background_color=&#8221;rgba(0,0,0,0)&#8221; closed_toggle_background_color=&#8221;rgba(0,0,0,0)&#8221; icon_color=&#8221;#ffb238&#8243; open_icon_color=&#8221;#ffb238&#8243; _builder_version=&#8221;4.16&#8243; _module_preset=&#8221;default&#8221; title_text_color=&#8221;#000000&#8243; title_level=&#8221;h4&#8243; title_font=&#8221;|600||on|||||&#8221; title_font_size=&#8221;14px&#8221; title_letter_spacing=&#8221;1px&#8221; title_line_height=&#8221;1.3em&#8221; body_font=&#8221;Open Sans||||||||&#8221; body_line_height=&#8221;2em&#8221; custom_margin=&#8221;|||&#8221; custom_padding=&#8221;10px||10px||true&#8221; border_width_all=&#8221;0px&#8221; box_shadow_style=&#8221;preset4&#8243; box_shadow_horizontal=&#8221;0px&#8221; box_shadow_vertical=&#8221;0px&#8221; box_shadow_color=&#8221;#ffa30f&#8221; global_colors_info=&#8221;{}&#8221; box_shadow_horizontal__hover_enabled=&#8221;on&#8221; box_shadow_horizontal__hover=&#8221;-6px&#8221;]<\/p>\n<p><a href=\"https:\/\/www.vecol.com.co\/\" target=\"_blank\" rel=\"noopener noreferrer\">https:\/\/www.vecol.com.co\/<\/a><\/p>\n<p>[\/et_pb_toggle][et_pb_toggle title=&#8221;Sede de la empresa&#8221; open_toggle_background_color=&#8221;rgba(0,0,0,0)&#8221; closed_toggle_background_color=&#8221;rgba(0,0,0,0)&#8221; icon_color=&#8221;#ffb238&#8243; open_icon_color=&#8221;#ffb238&#8243; _builder_version=&#8221;4.16&#8243; _module_preset=&#8221;default&#8221; title_text_color=&#8221;#000000&#8243; title_level=&#8221;h4&#8243; title_font=&#8221;|600||on|||||&#8221; title_font_size=&#8221;14px&#8221; title_letter_spacing=&#8221;1px&#8221; title_line_height=&#8221;1.3em&#8221; body_font=&#8221;Open Sans||||||||&#8221; body_line_height=&#8221;2em&#8221; custom_margin=&#8221;|||&#8221; custom_padding=&#8221;10px||10px||true&#8221; border_width_all=&#8221;0px&#8221; box_shadow_style=&#8221;preset4&#8243; box_shadow_horizontal=&#8221;0px&#8221; box_shadow_vertical=&#8221;0px&#8221; box_shadow_color=&#8221;#ffa30f&#8221; global_colors_info=&#8221;{}&#8221; box_shadow_horizontal__hover_enabled=&#8221;on&#8221; box_shadow_horizontal__hover=&#8221;-6px&#8221;]<\/p>\n<p><span>Bogota, Colombia<\/span><\/p>\n<p>[\/et_pb_toggle][et_pb_toggle title=&#8221;A\u00f1o de constituci\u00f3n&#8221; open_toggle_background_color=&#8221;rgba(0,0,0,0)&#8221; closed_toggle_background_color=&#8221;rgba(0,0,0,0)&#8221; icon_color=&#8221;#ffb238&#8243; open_icon_color=&#8221;#ffb238&#8243; _builder_version=&#8221;4.16&#8243; _module_preset=&#8221;default&#8221; title_text_color=&#8221;#000000&#8243; title_level=&#8221;h4&#8243; title_font=&#8221;|600||on|||||&#8221; title_font_size=&#8221;14px&#8221; title_letter_spacing=&#8221;1px&#8221; title_line_height=&#8221;1.3em&#8221; body_font=&#8221;Open Sans||||||||&#8221; body_line_height=&#8221;2em&#8221; custom_margin=&#8221;|||&#8221; custom_padding=&#8221;10px||10px||true&#8221; border_width_all=&#8221;0px&#8221; box_shadow_style=&#8221;preset4&#8243; box_shadow_horizontal=&#8221;0px&#8221; box_shadow_vertical=&#8221;0px&#8221; box_shadow_color=&#8221;#ffa30f&#8221; global_colors_info=&#8221;{}&#8221; box_shadow_horizontal__hover_enabled=&#8221;on&#8221; box_shadow_horizontal__hover=&#8221;-6px&#8221;]<\/p>\n<p><span>1954<\/span><\/p>\n<p>[\/et_pb_toggle][\/et_pb_column][et_pb_column type=&#8221;1_5&#8243; _builder_version=&#8221;4.16&#8243; _module_preset=&#8221;default&#8221; global_colors_info=&#8221;{}&#8221;][\/et_pb_column][\/et_pb_row][et_pb_row column_structure=&#8221;1_5,3_5,1_5&#8243; _builder_version=&#8221;4.16&#8243; _module_preset=&#8221;default&#8221; custom_padding=&#8221;57px|||||&#8221; global_colors_info=&#8221;{}&#8221;][et_pb_column type=&#8221;1_5&#8243; _builder_version=&#8221;4.16&#8243; _module_preset=&#8221;default&#8221; global_colors_info=&#8221;{}&#8221;][\/et_pb_column][et_pb_column type=&#8221;3_5&#8243; _builder_version=&#8221;4.16&#8243; _module_preset=&#8221;default&#8221; global_colors_info=&#8221;{}&#8221;][et_pb_text _builder_version=&#8221;4.16&#8243; _module_preset=&#8221;default&#8221; global_colors_info=&#8221;{}&#8221;]<\/p>\n<h2 style=\"text-align: center;\">Certificaciones<\/h2>\n<p>[\/et_pb_text][\/et_pb_column][et_pb_column type=&#8221;1_5&#8243; _builder_version=&#8221;4.16&#8243; _module_preset=&#8221;default&#8221; global_colors_info=&#8221;{}&#8221;][\/et_pb_column][\/et_pb_row][et_pb_row column_structure=&#8221;1_4,1_4,1_4,1_4&#8243; make_equal=&#8221;on&#8221; _builder_version=&#8221;4.16&#8243; _module_preset=&#8221;default&#8221; locked=&#8221;off&#8221; global_colors_info=&#8221;{}&#8221;][et_pb_column type=&#8221;1_4&#8243; _builder_version=&#8221;4.16&#8243; _module_preset=&#8221;default&#8221; custom_padding=&#8221;40px|20px|40px|20px|true|true&#8221; border_color_all=&#8221;rgba(85,101,112,0.2)&#8221; global_colors_info=&#8221;{}&#8221;][\/et_pb_column][et_pb_column type=&#8221;1_4&#8243; _builder_version=&#8221;4.16&#8243; _module_preset=&#8221;default&#8221; custom_padding=&#8221;40px|20px|40px|20px|true|true&#8221; border_width_all=&#8221;1px&#8221; border_color_all=&#8221;rgba(85,101,112,0.2)&#8221; global_colors_info=&#8221;{}&#8221;][et_pb_image src=&#8221;https:\/\/portafoliobio.minciencias.gov.co\/wp-content\/uploads\/2024\/06\/Sello-buenas-practicas-Ica-para-Vecol.jpg&#8221; _builder_version=&#8221;4.16&#8243; _module_preset=&#8221;default&#8221; global_colors_info=&#8221;{}&#8221;][\/et_pb_image][\/et_pb_column][et_pb_column type=&#8221;1_4&#8243; _builder_version=&#8221;4.16&#8243; _module_preset=&#8221;default&#8221; custom_padding=&#8221;40px|20px|40px|20px|true|true&#8221; border_width_all=&#8221;1px&#8221; border_color_all=&#8221;rgba(85,101,112,0.2)&#8221; global_colors_info=&#8221;{}&#8221;][et_pb_image src=&#8221;https:\/\/portafoliobio.minciencias.gov.co\/wp-content\/uploads\/2024\/06\/Sello-Bioseguridad-para-Vecol.jpg&#8221; _builder_version=&#8221;4.16&#8243; _module_preset=&#8221;default&#8221; global_colors_info=&#8221;{}&#8221;][\/et_pb_image][\/et_pb_column][et_pb_column type=&#8221;1_4&#8243; _builder_version=&#8221;4.16&#8243; _module_preset=&#8221;default&#8221; custom_padding=&#8221;40px|20px|40px|20px|true|true&#8221; border_color_all=&#8221;rgba(85,101,112,0.2)&#8221; global_colors_info=&#8221;{}&#8221;][\/et_pb_column][\/et_pb_row][\/et_pb_section][et_pb_section fb_built=&#8221;1&#8243; admin_label=&#8221;Testimonial&#8221; _builder_version=&#8221;4.16&#8243; _module_preset=&#8221;default&#8221; custom_padding=&#8221;46px|||||&#8221; global_colors_info=&#8221;{}&#8221;][et_pb_row column_structure=&#8221;1_3,2_3&#8243; _builder_version=&#8221;4.16&#8243; _module_preset=&#8221;default&#8221; custom_margin=&#8221;-5px|auto||auto||&#8221; global_colors_info=&#8221;{}&#8221;][et_pb_column type=&#8221;1_3&#8243; _builder_version=&#8221;4.16&#8243; _module_preset=&#8221;default&#8221; custom_padding=&#8221;|||&#8221; global_colors_info=&#8221;{}&#8221; custom_padding__hover=&#8221;|||&#8221;][et_pb_image src=&#8221;https:\/\/portafoliobio.minciencias.gov.co\/wp-content\/uploads\/2024\/06\/presidente-de-Vecol-1.jpg&#8221; align=&#8221;center&#8221; align_tablet=&#8221;center&#8221; align_phone=&#8221;&#8221; align_last_edited=&#8221;on|desktop&#8221; _builder_version=&#8221;4.16&#8243; _module_preset=&#8221;default&#8221; max_width=&#8221;250px&#8221; animation_style=&#8221;fade&#8221; border_radii=&#8221;on|300px|300px|300px|300px&#8221; box_shadow_style=&#8221;preset1&#8243; box_shadow_color=&#8221;#0c71c3&#8243; global_colors_info=&#8221;{}&#8221;][\/et_pb_image][\/et_pb_column][et_pb_column type=&#8221;2_3&#8243; _builder_version=&#8221;4.16&#8243; _module_preset=&#8221;default&#8221; custom_padding=&#8221;|||&#8221; global_colors_info=&#8221;{}&#8221; custom_padding__hover=&#8221;|||&#8221;][et_pb_text _builder_version=&#8221;4.16&#8243; _module_preset=&#8221;default&#8221; text_font=&#8221;Open Sans||||||||&#8221; text_font_size=&#8221;16px&#8221; text_line_height=&#8221;1.8em&#8221; header_font=&#8221;||||||||&#8221; header_3_font=&#8221;Gilda Display||on||||||&#8221; header_3_font_size=&#8221;26px&#8221; header_3_line_height=&#8221;1.6em&#8221; text_orientation=&#8221;center&#8221; custom_margin=&#8221;20px||&#8221; header_3_font_size_tablet=&#8221;30px&#8221; header_3_font_size_phone=&#8221;20px&#8221; header_3_font_size_last_edited=&#8221;on|phone&#8221; locked=&#8221;off&#8221; global_colors_info=&#8221;{}&#8221;]<\/p>\n<h3>&#8220;Vecol destaca como una empresa pionera en el desarrollo y comercializaci\u00f3n de vacunas. Ha obtenido grandes logros que la han llevado a ser una empresa modelo. Conseguir un grant de la Fundaci\u00f3n <span>Rockefeller, y certificar su planta de producci\u00f3n de vacuna antiaftosa en Bioseguridad y Buenas Pr\u00e1cticas de Manufactura (la primera en Colombia), son solo dos ejemplos de su compromiso y trabajo<\/span>&#8220;.<\/h3>\n<p><strong>Juan Aurelio Moncada Garrido,<\/strong>\u00a0presidente de Vecol<\/p>\n<p>[\/et_pb_text][\/et_pb_column][\/et_pb_row][\/et_pb_section][et_pb_section fb_built=&#8221;1&#8243; _builder_version=&#8221;4.16&#8243; _module_preset=&#8221;default&#8221; min_height=&#8221;393px&#8221; custom_padding=&#8221;0px|||||&#8221; locked=&#8221;off&#8221; global_colors_info=&#8221;{}&#8221;][et_pb_row _builder_version=&#8221;4.16&#8243; _module_preset=&#8221;default&#8221; custom_padding=&#8221;58px||0px|||&#8221; global_colors_info=&#8221;{}&#8221;][et_pb_column type=&#8221;4_4&#8243; _builder_version=&#8221;4.16&#8243; _module_preset=&#8221;default&#8221; global_colors_info=&#8221;{}&#8221;][et_pb_divider color=&#8221;#619118&#8243; _builder_version=&#8221;4.16&#8243; _module_preset=&#8221;default&#8221; global_colors_info=&#8221;{}&#8221;][\/et_pb_divider][\/et_pb_column][\/et_pb_row][et_pb_row column_structure=&#8221;1_2,1_2&#8243; _builder_version=&#8221;4.16&#8243; _module_preset=&#8221;default&#8221; global_colors_info=&#8221;{}&#8221;][et_pb_column type=&#8221;1_2&#8243; _builder_version=&#8221;4.16&#8243; _module_preset=&#8221;default&#8221; global_colors_info=&#8221;{}&#8221;][et_pb_text _builder_version=&#8221;4.16&#8243; _module_preset=&#8221;default&#8221; global_colors_info=&#8221;{}&#8221;]<\/p>\n<p style=\"text-align: center;\">Portafolio promovido por:<\/p>\n<p>[\/et_pb_text][et_pb_image src=&#8221;https:\/\/portafoliobio.minciencias.gov.co\/wp-content\/uploads\/2024\/08\/logo_ciencias_ok.png&#8221; title_text=&#8221;logo_ciencias_ok&#8221; align=&#8221;center&#8221; _builder_version=&#8221;4.24.2&#8243; _module_preset=&#8221;default&#8221; width=&#8221;35%&#8221; width_tablet=&#8221;44%&#8221; width_phone=&#8221;52%&#8221; width_last_edited=&#8221;on|phone&#8221; module_alignment=&#8221;center&#8221; custom_margin=&#8221;0px||||false|false&#8221; locked=&#8221;off&#8221; global_colors_info=&#8221;{}&#8221;][\/et_pb_image][\/et_pb_column][et_pb_column type=&#8221;1_2&#8243; _builder_version=&#8221;4.16&#8243; _module_preset=&#8221;default&#8221; global_colors_info=&#8221;{}&#8221;][et_pb_text _builder_version=&#8221;4.16&#8243; _module_preset=&#8221;default&#8221; custom_margin=&#8221;||14px|||&#8221; global_colors_info=&#8221;{}&#8221;]<\/p>\n<p style=\"text-align: center;\">Realizado por:<\/p>\n<p>[\/et_pb_text][et_pb_image src=&#8221;https:\/\/portafoliobio.minciencias.gov.co\/wp-content\/uploads\/2024\/05\/Logo-de-Biointropic.jpg&#8221; title_text=&#8221;Logo-de-Biointropic&#8221; _builder_version=&#8221;4.24.2&#8243; _module_preset=&#8221;default&#8221; width=&#8221;55%&#8221; module_alignment=&#8221;center&#8221; custom_padding=&#8221;0px|||||&#8221; global_colors_info=&#8221;{}&#8221;][\/et_pb_image][\/et_pb_column][\/et_pb_row][et_pb_row _builder_version=&#8221;4.16&#8243; _module_preset=&#8221;default&#8221; custom_padding=&#8221;58px||0px|||&#8221; global_colors_info=&#8221;{}&#8221;][et_pb_column type=&#8221;4_4&#8243; _builder_version=&#8221;4.16&#8243; _module_preset=&#8221;default&#8221; global_colors_info=&#8221;{}&#8221;][et_pb_divider color=&#8221;#619118&#8243; _builder_version=&#8221;4.16&#8243; _module_preset=&#8221;default&#8221; global_colors_info=&#8221;{}&#8221;][\/et_pb_divider][\/et_pb_column][\/et_pb_row][\/et_pb_section]<\/p>\n","protected":false},"excerpt":{"rendered":"<p>EMPRESA Vecol\u00a0\/\/bioproducto Vacuna AFTOGAN (Fiebre Aftosa) Vacuna para la prevenci\u00f3n de la fiebre Aftosa en bovinos. Es la primera vacuna desarrollada en Colombia para este fin.\u00a0 La vacuna AFTOG\u00c1N \u00ae 2 mL es una emulsi\u00f3n de agua en aceite (w\/o) bivalente, ya que es elaborada a partir de los serotipos A y O, subtipos A24 [&hellip;]<\/p>\n","protected":false},"author":3,"featured_media":127,"comment_status":"open","ping_status":"closed","template":"","meta":{"_et_pb_use_builder":"on","_et_pb_old_content":"","_et_gb_content_width":"","footnotes":""},"project_category":[10],"project_tag":[],"class_list":["post-2179","project","type-project","status-publish","has-post-thumbnail","hentry","project_category-agricola-y-pecuario"],"_links":{"self":[{"href":"https:\/\/portafoliobio.minciencias.gov.co\/index.php?rest_route=\/wp\/v2\/project\/2179"}],"collection":[{"href":"https:\/\/portafoliobio.minciencias.gov.co\/index.php?rest_route=\/wp\/v2\/project"}],"about":[{"href":"https:\/\/portafoliobio.minciencias.gov.co\/index.php?rest_route=\/wp\/v2\/types\/project"}],"author":[{"embeddable":true,"href":"https:\/\/portafoliobio.minciencias.gov.co\/index.php?rest_route=\/wp\/v2\/users\/3"}],"replies":[{"embeddable":true,"href":"https:\/\/portafoliobio.minciencias.gov.co\/index.php?rest_route=%2Fwp%2Fv2%2Fcomments&post=2179"}],"version-history":[{"count":7,"href":"https:\/\/portafoliobio.minciencias.gov.co\/index.php?rest_route=\/wp\/v2\/project\/2179\/revisions"}],"predecessor-version":[{"id":2510,"href":"https:\/\/portafoliobio.minciencias.gov.co\/index.php?rest_route=\/wp\/v2\/project\/2179\/revisions\/2510"}],"wp:featuredmedia":[{"embeddable":true,"href":"https:\/\/portafoliobio.minciencias.gov.co\/index.php?rest_route=\/wp\/v2\/media\/127"}],"wp:attachment":[{"href":"https:\/\/portafoliobio.minciencias.gov.co\/index.php?rest_route=%2Fwp%2Fv2%2Fmedia&parent=2179"}],"wp:term":[{"taxonomy":"project_category","embeddable":true,"href":"https:\/\/portafoliobio.minciencias.gov.co\/index.php?rest_route=%2Fwp%2Fv2%2Fproject_category&post=2179"},{"taxonomy":"project_tag","embeddable":true,"href":"https:\/\/portafoliobio.minciencias.gov.co\/index.php?rest_route=%2Fwp%2Fv2%2Fproject_tag&post=2179"}],"curies":[{"name":"wp","href":"https:\/\/api.w.org\/{rel}","templated":true}]}}